{"version":"1.0","type":"rich","provider_name":"Paroisse \u003Cbr\/\u003E St Fran\u00e7ois de Sales \u003Cbr\/\u003E des Hauts de Chamb\u00e9ry","provider_url":"https:\/\/chamberylehaut.paroisse73.fr","title":"feuille info du mois de septembre 2026","author_name":"fr.schwartz@wanadoo.fr","width":"480","height":"295","url":"https:\/\/chamberylehaut.paroisse73.fr\/feuille-info-du-mois-de-septembre-2026.html","html":"\u003Ch4 class='title'\u003E\u003Ca href='https:\/\/chamberylehaut.paroisse73.fr\/feuille-info-du-mois-de-septembre-2026.html'\u003Efeuille info du mois de septembre 2026\u003C\/a\u003E\u003C\/h4\u003E\u003Cblockquote class='spip'\u003E\n\u003Cp\u003EMois de septembre, mois du Temps pour la Cr\u00e9ation \n\n&#171;&nbsp;Il y aura de la vie partout o\u00f9 p\u00e9n\u00e9trera le torrent&nbsp;&#187; Ez\u00e9chiel 47 \n\nApr\u00e8s avoir subi les canicules successives, les feux des grandes for\u00eats, nous avons certainement de bons souvenirs de moments joyeux en famille, des moments de fraternit\u00e9 et m\u00eame d\u2019\u00e9merveillement devant la beaut\u00e9 d\u2019un paysage. Et si cette rentr\u00e9e de Septembre \u00e9tait plac\u00e9e sous le signe de la protection de notre terre, de toute la cr\u00e9ation&nbsp;! \n\nC\u2019est le mois pour c\u00e9l\u00e9brer &#171;&nbsp;(\u2026)\u003C\/p\u003E\n\u003C\/blockquote\u003E\n"}